{"id":6859,"date":"2022-03-03T14:29:54","date_gmt":"2022-03-03T13:29:54","guid":{"rendered":"https:\/\/dirfut.com?page_id=6859"},"modified":"2022-12-07T16:31:50","modified_gmt":"2022-12-07T15:31:50","slug":"la-liga","status":"publish","type":"page","link":"https:\/\/dirfut.com\/es\/la-liga\/","title":{"rendered":"La Liga"},"content":{"rendered":"<div class=\"vc_row wpb_row vc_row-fluid\"><div class=\"wpb_column vc_column_container vc_col-sm-12\"><div class=\"vc_column-inner\"><div class=\"wpb_wrapper\">\n\t<div class=\"wpb_text_column wpb_content_element\" >\n\t\t<div class=\"wpb_wrapper\">\n\t\t\t<div class=\"sportspress\"><div class=\"card card--has-table\"><header class=\"card__header\"><h4 class=\"sp-table-caption\">La Liga - Scouting Informes<\/h4><\/header><div class=\"card__content sp-template sp-template-player-list\"><div class=\"table-responsive sp-table-wrapper\"><table class=\"table table--lg team-roster-table sp-player-list sp-data-table sp-sortable-table sp-responsive-table playerlist_69f3f0cd31af0 sp-scrollable-table sp-paginated-table\" data-sp-rows=\"15\"><thead><tr><th class=\"data-name\">Jugador<\/th><th class=\"data-team\">equipo<\/th><th class=\"data-position\">Posici\u00f3n<\/th><th class=\"data-dirfutrating\">Rating<\/th><th class=\"data-dirfutvalue\">Valor (M\u20ac)<\/th><th class=\"data-year\">A\u00f1o<\/th><th class=\"data-contracttwo\">Contrato<\/th><\/tr><\/thead><tbody><tr class=\"odd\"><td class=\"data-name has-photo has-photo\" data-label=\"Jugador\"><a href=\"https:\/\/dirfut.com\/es\/player\/jude-bellingham\/\"><span class=\"player-flag\"><img decoding=\"async\" src=\"https:\/\/dirfut.com\/wp-content\/plugins\/sportspress-pro\/includes\/sportspress\/assets\/images\/flags\/eng.png\" alt=\"eng\"><\/span><span class=\"player-photo\"><img loading=\"lazy\" decoding=\"async\" width=\"40\" height=\"40\" src=\"https:\/\/dirfut.com\/wp-content\/uploads\/2003\/06\/Jude-Bellingham-40x40.png\" class=\"attachment-alchemists_player-xxs size-alchemists_player-xxs wp-post-image\" alt=\"\" srcset=\"https:\/\/dirfut.com\/wp-content\/uploads\/2003\/06\/Jude-Bellingham-40x40.png 40w, https:\/\/dirfut.com\/wp-content\/uploads\/2003\/06\/Jude-Bellingham-150x150.png 150w, https:\/\/dirfut.com\/wp-content\/uploads\/2003\/06\/Jude-Bellingham-12x12.png 12w, https:\/\/dirfut.com\/wp-content\/uploads\/2003\/06\/Jude-Bellingham-128x128.png 128w, https:\/\/dirfut.com\/wp-content\/uploads\/2003\/06\/Jude-Bellingham-32x32.png 32w, https:\/\/dirfut.com\/wp-content\/uploads\/2003\/06\/Jude-Bellingham-80x80.png 80w, https:\/\/dirfut.com\/wp-content\/uploads\/2003\/06\/Jude-Bellingham-70x70.png 70w, https:\/\/dirfut.com\/wp-content\/uploads\/2003\/06\/Jude-Bellingham-100x100.png 100w, https:\/\/dirfut.com\/wp-content\/uploads\/2003\/06\/Jude-Bellingham.png 250w\" sizes=\"auto, (max-width: 40px) 100vw, 40px\" \/><\/span><span class=\"player-name\">Jude Bellingham<\/span><\/a><\/td><td class=\"data-team\" data-label=\"equipo\"><span class=\"team-logo\"><img loading=\"lazy\" decoding=\"async\" width=\"128\" height=\"128\" src=\"https:\/\/dirfut.com\/wp-content\/uploads\/2022\/01\/1736-128x128.png\" class=\"attachment-sportspress-fit-icon size-sportspress-fit-icon wp-post-image\" alt=\"Real Madrid\" title=\"Real Madrid\" srcset=\"https:\/\/dirfut.com\/wp-content\/uploads\/2022\/01\/1736-128x128.png 128w, https:\/\/dirfut.com\/wp-content\/uploads\/2022\/01\/1736-150x150.png 150w, https:\/\/dirfut.com\/wp-content\/uploads\/2022\/01\/1736-32x32.png 32w, https:\/\/dirfut.com\/wp-content\/uploads\/2022\/01\/1736-80x80.png 80w, https:\/\/dirfut.com\/wp-content\/uploads\/2022\/01\/1736-70x70.png 70w, https:\/\/dirfut.com\/wp-content\/uploads\/2022\/01\/1736-100x100.png 100w, https:\/\/dirfut.com\/wp-content\/uploads\/2022\/01\/1736-40x40.png 40w, https:\/\/dirfut.com\/wp-content\/uploads\/2022\/01\/1736.png 200w\" sizes=\"auto, (max-width: 128px) 100vw, 128px\" \/><\/span><\/td><td class=\"data-position\" data-label=\"Posici\u00f3n\">6. Mediocentro<\/td><td class=\"data-dirfutrating\" data-label=\"Rating\">89<\/td><td class=\"data-dirfutvalue\" data-label=\"Value (M\u20ac)\">165<\/td><td class=\"data-year\" data-label=\"Year\">2003<\/td><td class=\"data-contracttwo\" data-label=\"Contract\">2029<\/td><\/tr><tr class=\"even\"><td class=\"data-name has-photo has-photo\" data-label=\"Jugador\"><a href=\"https:\/\/dirfut.com\/es\/player\/antoine-griezmann\/\"><span class=\"player-flag\"><img decoding=\"async\" src=\"https:\/\/dirfut.com\/wp-content\/plugins\/sportspress-pro\/includes\/sportspress\/assets\/images\/flags\/fra.png\" alt=\"fra\"><\/span><span class=\"player-photo\"><img loading=\"lazy\" decoding=\"async\" width=\"40\" height=\"40\" src=\"https:\/\/dirfut.com\/wp-content\/uploads\/2024\/10\/Antoine-Griezmann-40x40.png\" class=\"attachment-alchemists_player-xxs size-alchemists_player-xxs wp-post-image\" alt=\"\" srcset=\"https:\/\/dirfut.com\/wp-content\/uploads\/2024\/10\/Antoine-Griezmann-40x40.png 40w, https:\/\/dirfut.com\/wp-content\/uploads\/2024\/10\/Antoine-Griezmann-150x150.png 150w, https:\/\/dirfut.com\/wp-content\/uploads\/2024\/10\/Antoine-Griezmann-12x12.png 12w, https:\/\/dirfut.com\/wp-content\/uploads\/2024\/10\/Antoine-Griezmann-128x128.png 128w, https:\/\/dirfut.com\/wp-content\/uploads\/2024\/10\/Antoine-Griezmann-32x32.png 32w, https:\/\/dirfut.com\/wp-content\/uploads\/2024\/10\/Antoine-Griezmann-80x80.png 80w, https:\/\/dirfut.com\/wp-content\/uploads\/2024\/10\/Antoine-Griezmann-70x70.png 70w, https:\/\/dirfut.com\/wp-content\/uploads\/2024\/10\/Antoine-Griezmann-100x100.png 100w, https:\/\/dirfut.com\/wp-content\/uploads\/2024\/10\/Antoine-Griezmann.png 250w\" sizes=\"auto, (max-width: 40px) 100vw, 40px\" \/><\/span><span class=\"player-name\">Antoine Griezmann<\/span><\/a><\/td><td class=\"data-team\" data-label=\"equipo\"><span class=\"team-logo\"><img loading=\"lazy\" decoding=\"async\" width=\"128\" height=\"128\" src=\"https:\/\/dirfut.com\/wp-content\/uploads\/2022\/01\/1687-128x128.png\" class=\"attachment-sportspress-fit-icon size-sportspress-fit-icon wp-post-image\" alt=\"Atl\u00e9tico de Madrid\" title=\"Atl\u00e9tico de Madrid\" srcset=\"https:\/\/dirfut.com\/wp-content\/uploads\/2022\/01\/1687-128x128.png 128w, https:\/\/dirfut.com\/wp-content\/uploads\/2022\/01\/1687-150x150.png 150w, https:\/\/dirfut.com\/wp-content\/uploads\/2022\/01\/1687-32x32.png 32w, https:\/\/dirfut.com\/wp-content\/uploads\/2022\/01\/1687-80x80.png 80w, https:\/\/dirfut.com\/wp-content\/uploads\/2022\/01\/1687-70x70.png 70w, https:\/\/dirfut.com\/wp-content\/uploads\/2022\/01\/1687-100x100.png 100w, https:\/\/dirfut.com\/wp-content\/uploads\/2022\/01\/1687-40x40.png 40w, https:\/\/dirfut.com\/wp-content\/uploads\/2022\/01\/1687.png 200w\" sizes=\"auto, (max-width: 128px) 100vw, 128px\" \/><\/span><\/td><td class=\"data-position\" data-label=\"Posici\u00f3n\">9. Delantero<\/td><td class=\"data-dirfutrating\" data-label=\"Rating\">88<\/td><td class=\"data-dirfutvalue\" data-label=\"Value (M\u20ac)\">40<\/td><td class=\"data-year\" data-label=\"Year\">1991<\/td><td class=\"data-contracttwo\" data-label=\"Contract\">2027<\/td><\/tr><tr class=\"odd\"><td class=\"data-name has-photo has-photo\" data-label=\"Jugador\"><a href=\"https:\/\/dirfut.com\/es\/player\/aurelien-tchouameni\/\"><span class=\"player-flag\"><img decoding=\"async\" src=\"https:\/\/dirfut.com\/wp-content\/plugins\/sportspress-pro\/includes\/sportspress\/assets\/images\/flags\/fra.png\" alt=\"fra\"><\/span><span class=\"player-photo\"><img loading=\"lazy\" decoding=\"async\" width=\"40\" height=\"40\" src=\"https:\/\/dirfut.com\/wp-content\/uploads\/2024\/10\/Aurelien-Tchouameni-40x40.png\" class=\"attachment-alchemists_player-xxs size-alchemists_player-xxs wp-post-image\" alt=\"\" srcset=\"https:\/\/dirfut.com\/wp-content\/uploads\/2024\/10\/Aurelien-Tchouameni-40x40.png 40w, https:\/\/dirfut.com\/wp-content\/uploads\/2024\/10\/Aurelien-Tchouameni-150x150.png 150w, https:\/\/dirfut.com\/wp-content\/uploads\/2024\/10\/Aurelien-Tchouameni-12x12.png 12w, https:\/\/dirfut.com\/wp-content\/uploads\/2024\/10\/Aurelien-Tchouameni-128x128.png 128w, https:\/\/dirfut.com\/wp-content\/uploads\/2024\/10\/Aurelien-Tchouameni-32x32.png 32w, https:\/\/dirfut.com\/wp-content\/uploads\/2024\/10\/Aurelien-Tchouameni-80x80.png 80w, https:\/\/dirfut.com\/wp-content\/uploads\/2024\/10\/Aurelien-Tchouameni-70x70.png 70w, https:\/\/dirfut.com\/wp-content\/uploads\/2024\/10\/Aurelien-Tchouameni-100x100.png 100w, https:\/\/dirfut.com\/wp-content\/uploads\/2024\/10\/Aurelien-Tchouameni.png 250w\" sizes=\"auto, (max-width: 40px) 100vw, 40px\" \/><\/span><span class=\"player-name\">Aur\u00e9lien Tchouam\u00e9ni<\/span><\/a><\/td><td class=\"data-team\" data-label=\"equipo\"><span class=\"team-logo\"><img loading=\"lazy\" decoding=\"async\" width=\"128\" height=\"128\" src=\"https:\/\/dirfut.com\/wp-content\/uploads\/2022\/01\/1736-128x128.png\" class=\"attachment-sportspress-fit-icon size-sportspress-fit-icon wp-post-image\" alt=\"Real Madrid\" title=\"Real Madrid\" srcset=\"https:\/\/dirfut.com\/wp-content\/uploads\/2022\/01\/1736-128x128.png 128w, https:\/\/dirfut.com\/wp-content\/uploads\/2022\/01\/1736-150x150.png 150w, https:\/\/dirfut.com\/wp-content\/uploads\/2022\/01\/1736-32x32.png 32w, https:\/\/dirfut.com\/wp-content\/uploads\/2022\/01\/1736-80x80.png 80w, https:\/\/dirfut.com\/wp-content\/uploads\/2022\/01\/1736-70x70.png 70w, https:\/\/dirfut.com\/wp-content\/uploads\/2022\/01\/1736-100x100.png 100w, https:\/\/dirfut.com\/wp-content\/uploads\/2022\/01\/1736-40x40.png 40w, https:\/\/dirfut.com\/wp-content\/uploads\/2022\/01\/1736.png 200w\" sizes=\"auto, (max-width: 128px) 100vw, 128px\" \/><\/span><\/td><td class=\"data-position\" data-label=\"Posici\u00f3n\">5. Mediocentro defensivo<\/td><td class=\"data-dirfutrating\" data-label=\"Rating\">87<\/td><td class=\"data-dirfutvalue\" data-label=\"Value (M\u20ac)\">80<\/td><td class=\"data-year\" data-label=\"Year\">2000<\/td><td class=\"data-contracttwo\" data-label=\"Contract\">2028<\/td><\/tr><tr class=\"even\"><td class=\"data-name has-photo has-photo\" data-label=\"Jugador\"><a href=\"https:\/\/dirfut.com\/es\/player\/jules-kounde\/\"><span class=\"player-flag\"><img decoding=\"async\" src=\"https:\/\/dirfut.com\/wp-content\/plugins\/sportspress-pro\/includes\/sportspress\/assets\/images\/flags\/fra.png\" alt=\"fra\"><\/span><span class=\"player-photo\"><img loading=\"lazy\" decoding=\"async\" width=\"40\" height=\"40\" src=\"https:\/\/dirfut.com\/wp-content\/uploads\/2024\/10\/Jules-Kounde-40x40.png\" class=\"attachment-alchemists_player-xxs size-alchemists_player-xxs wp-post-image\" alt=\"\" srcset=\"https:\/\/dirfut.com\/wp-content\/uploads\/2024\/10\/Jules-Kounde-40x40.png 40w, https:\/\/dirfut.com\/wp-content\/uploads\/2024\/10\/Jules-Kounde-150x150.png 150w, https:\/\/dirfut.com\/wp-content\/uploads\/2024\/10\/Jules-Kounde-12x12.png 12w, https:\/\/dirfut.com\/wp-content\/uploads\/2024\/10\/Jules-Kounde-128x128.png 128w, https:\/\/dirfut.com\/wp-content\/uploads\/2024\/10\/Jules-Kounde-32x32.png 32w, https:\/\/dirfut.com\/wp-content\/uploads\/2024\/10\/Jules-Kounde-80x80.png 80w, https:\/\/dirfut.com\/wp-content\/uploads\/2024\/10\/Jules-Kounde-70x70.png 70w, https:\/\/dirfut.com\/wp-content\/uploads\/2024\/10\/Jules-Kounde-100x100.png 100w, https:\/\/dirfut.com\/wp-content\/uploads\/2024\/10\/Jules-Kounde.png 250w\" sizes=\"auto, (max-width: 40px) 100vw, 40px\" \/><\/span><span class=\"player-name\">Jules Kound\u00e9<\/span><\/a><\/td><td class=\"data-team\" data-label=\"equipo\"><span class=\"team-logo\"><img loading=\"lazy\" decoding=\"async\" width=\"128\" height=\"128\" src=\"https:\/\/dirfut.com\/wp-content\/uploads\/2022\/01\/1708-128x128.png\" class=\"attachment-sportspress-fit-icon size-sportspress-fit-icon wp-post-image\" alt=\"\" title=\"FC Barcelona\" srcset=\"https:\/\/dirfut.com\/wp-content\/uploads\/2022\/01\/1708-128x128.png 128w, https:\/\/dirfut.com\/wp-content\/uploads\/2022\/01\/1708-150x150.png 150w, https:\/\/dirfut.com\/wp-content\/uploads\/2022\/01\/1708-32x32.png 32w, https:\/\/dirfut.com\/wp-content\/uploads\/2022\/01\/1708-80x80.png 80w, https:\/\/dirfut.com\/wp-content\/uploads\/2022\/01\/1708-70x70.png 70w, https:\/\/dirfut.com\/wp-content\/uploads\/2022\/01\/1708-100x100.png 100w, https:\/\/dirfut.com\/wp-content\/uploads\/2022\/01\/1708-40x40.png 40w, https:\/\/dirfut.com\/wp-content\/uploads\/2022\/01\/1708.png 200w\" sizes=\"auto, (max-width: 128px) 100vw, 128px\" \/><\/span><\/td><td class=\"data-position\" data-label=\"Posici\u00f3n\">4. Defensa central<\/td><td class=\"data-dirfutrating\" data-label=\"Rating\">87<\/td><td class=\"data-dirfutvalue\" data-label=\"Value (M\u20ac)\">70<\/td><td class=\"data-year\" data-label=\"Year\">1998<\/td><td class=\"data-contracttwo\" data-label=\"Contract\">2027<\/td><\/tr><tr class=\"odd\"><td class=\"data-name has-photo has-photo\" data-label=\"Jugador\"><a href=\"https:\/\/dirfut.com\/es\/player\/marcos-llorente\/\"><span class=\"player-flag\"><img decoding=\"async\" src=\"https:\/\/dirfut.com\/wp-content\/plugins\/sportspress-pro\/includes\/sportspress\/assets\/images\/flags\/esp.png\" alt=\"esp\"><\/span><span class=\"player-photo\"><img loading=\"lazy\" decoding=\"async\" width=\"40\" height=\"40\" src=\"https:\/\/dirfut.com\/wp-content\/uploads\/1995\/01\/67196198-40x40.png\" class=\"attachment-alchemists_player-xxs size-alchemists_player-xxs wp-post-image\" alt=\"Marcos Llorente\" srcset=\"https:\/\/dirfut.com\/wp-content\/uploads\/1995\/01\/67196198-40x40.png 40w, https:\/\/dirfut.com\/wp-content\/uploads\/1995\/01\/67196198-150x150.png 150w, https:\/\/dirfut.com\/wp-content\/uploads\/1995\/01\/67196198-12x12.png 12w, https:\/\/dirfut.com\/wp-content\/uploads\/1995\/01\/67196198-128x128.png 128w, https:\/\/dirfut.com\/wp-content\/uploads\/1995\/01\/67196198-32x32.png 32w, https:\/\/dirfut.com\/wp-content\/uploads\/1995\/01\/67196198-80x80.png 80w, https:\/\/dirfut.com\/wp-content\/uploads\/1995\/01\/67196198-70x70.png 70w, https:\/\/dirfut.com\/wp-content\/uploads\/1995\/01\/67196198-100x100.png 100w, https:\/\/dirfut.com\/wp-content\/uploads\/1995\/01\/67196198.png 250w\" sizes=\"auto, (max-width: 40px) 100vw, 40px\" \/><\/span><span class=\"player-name\">Marcos Llorente<\/span><\/a><\/td><td class=\"data-team\" data-label=\"equipo\"><span class=\"team-logo\"><img loading=\"lazy\" decoding=\"async\" width=\"128\" height=\"128\" src=\"https:\/\/dirfut.com\/wp-content\/uploads\/2022\/01\/1687-128x128.png\" class=\"attachment-sportspress-fit-icon size-sportspress-fit-icon wp-post-image\" alt=\"Atl\u00e9tico de Madrid\" title=\"Atl\u00e9tico de Madrid\" srcset=\"https:\/\/dirfut.com\/wp-content\/uploads\/2022\/01\/1687-128x128.png 128w, https:\/\/dirfut.com\/wp-content\/uploads\/2022\/01\/1687-150x150.png 150w, https:\/\/dirfut.com\/wp-content\/uploads\/2022\/01\/1687-32x32.png 32w, https:\/\/dirfut.com\/wp-content\/uploads\/2022\/01\/1687-80x80.png 80w, https:\/\/dirfut.com\/wp-content\/uploads\/2022\/01\/1687-70x70.png 70w, https:\/\/dirfut.com\/wp-content\/uploads\/2022\/01\/1687-100x100.png 100w, https:\/\/dirfut.com\/wp-content\/uploads\/2022\/01\/1687-40x40.png 40w, https:\/\/dirfut.com\/wp-content\/uploads\/2022\/01\/1687.png 200w\" sizes=\"auto, (max-width: 128px) 100vw, 128px\" \/><\/span><\/td><td class=\"data-position\" data-label=\"Posici\u00f3n\">7. Mediocentro ofensivo<\/td><td class=\"data-dirfutrating\" data-label=\"Rating\">84<\/td><td class=\"data-dirfutvalue\" data-label=\"Value (M\u20ac)\">35<\/td><td class=\"data-year\" data-label=\"Year\">1995<\/td><td class=\"data-contracttwo\" data-label=\"Contract\">2027<\/td><\/tr><tr class=\"even\"><td class=\"data-name has-photo has-photo\" data-label=\"Jugador\"><a href=\"https:\/\/dirfut.com\/es\/player\/axel-witsel\/\"><span class=\"player-flag\"><img decoding=\"async\" src=\"https:\/\/dirfut.com\/wp-content\/plugins\/sportspress-pro\/includes\/sportspress\/assets\/images\/flags\/bel.png\" alt=\"bel\"><\/span><span class=\"player-photo\"><img loading=\"lazy\" decoding=\"async\" width=\"40\" height=\"40\" src=\"https:\/\/dirfut.com\/wp-content\/uploads\/1989\/01\/8169215-40x40.png\" class=\"attachment-alchemists_player-xxs size-alchemists_player-xxs wp-post-image\" alt=\"Axel Witsel\" srcset=\"https:\/\/dirfut.com\/wp-content\/uploads\/1989\/01\/8169215-40x40.png 40w, https:\/\/dirfut.com\/wp-content\/uploads\/1989\/01\/8169215-150x150.png 150w, https:\/\/dirfut.com\/wp-content\/uploads\/1989\/01\/8169215-12x12.png 12w, https:\/\/dirfut.com\/wp-content\/uploads\/1989\/01\/8169215-128x128.png 128w, https:\/\/dirfut.com\/wp-content\/uploads\/1989\/01\/8169215-32x32.png 32w, https:\/\/dirfut.com\/wp-content\/uploads\/1989\/01\/8169215-80x80.png 80w, https:\/\/dirfut.com\/wp-content\/uploads\/1989\/01\/8169215-70x70.png 70w, https:\/\/dirfut.com\/wp-content\/uploads\/1989\/01\/8169215-100x100.png 100w, https:\/\/dirfut.com\/wp-content\/uploads\/1989\/01\/8169215.png 250w\" sizes=\"auto, (max-width: 40px) 100vw, 40px\" \/><\/span><span class=\"player-name\">Axel Witsel<\/span><\/a><\/td><td class=\"data-team\" data-label=\"equipo\"><span class=\"team-logo\"><img loading=\"lazy\" decoding=\"async\" width=\"128\" height=\"128\" src=\"https:\/\/dirfut.com\/wp-content\/uploads\/2022\/01\/1687-128x128.png\" class=\"attachment-sportspress-fit-icon size-sportspress-fit-icon wp-post-image\" alt=\"Atl\u00e9tico de Madrid\" title=\"Atl\u00e9tico de Madrid\" srcset=\"https:\/\/dirfut.com\/wp-content\/uploads\/2022\/01\/1687-128x128.png 128w, https:\/\/dirfut.com\/wp-content\/uploads\/2022\/01\/1687-150x150.png 150w, https:\/\/dirfut.com\/wp-content\/uploads\/2022\/01\/1687-32x32.png 32w, https:\/\/dirfut.com\/wp-content\/uploads\/2022\/01\/1687-80x80.png 80w, https:\/\/dirfut.com\/wp-content\/uploads\/2022\/01\/1687-70x70.png 70w, https:\/\/dirfut.com\/wp-content\/uploads\/2022\/01\/1687-100x100.png 100w, https:\/\/dirfut.com\/wp-content\/uploads\/2022\/01\/1687-40x40.png 40w, https:\/\/dirfut.com\/wp-content\/uploads\/2022\/01\/1687.png 200w\" sizes=\"auto, (max-width: 128px) 100vw, 128px\" \/><\/span><\/td><td class=\"data-position\" data-label=\"Posici\u00f3n\">5. Mediocentro defensivo<\/td><td class=\"data-dirfutrating\" data-label=\"Rating\">83<\/td><td class=\"data-dirfutvalue\" data-label=\"Value (M\u20ac)\">5.5<\/td><td class=\"data-year\" data-label=\"Year\">1989<\/td><td class=\"data-contracttwo\" data-label=\"Contract\">2025<\/td><\/tr><tr class=\"odd\"><td class=\"data-name has-photo has-photo\" data-label=\"Jugador\"><a href=\"https:\/\/dirfut.com\/es\/player\/julian-alvarez\/\"><span class=\"player-flag\"><img decoding=\"async\" src=\"https:\/\/dirfut.com\/wp-content\/plugins\/sportspress-pro\/includes\/sportspress\/assets\/images\/flags\/arg.png\" alt=\"arg\"><\/span><span class=\"player-photo\"><img loading=\"lazy\" decoding=\"async\" width=\"40\" height=\"40\" src=\"https:\/\/dirfut.com\/wp-content\/uploads\/2000\/01\/14183207-40x40.png\" class=\"attachment-alchemists_player-xxs size-alchemists_player-xxs wp-post-image\" alt=\"Juli\u00e1n \u00c1lvarez\" srcset=\"https:\/\/dirfut.com\/wp-content\/uploads\/2000\/01\/14183207-40x40.png 40w, https:\/\/dirfut.com\/wp-content\/uploads\/2000\/01\/14183207-150x150.png 150w, https:\/\/dirfut.com\/wp-content\/uploads\/2000\/01\/14183207-12x12.png 12w, https:\/\/dirfut.com\/wp-content\/uploads\/2000\/01\/14183207-128x128.png 128w, https:\/\/dirfut.com\/wp-content\/uploads\/2000\/01\/14183207-32x32.png 32w, https:\/\/dirfut.com\/wp-content\/uploads\/2000\/01\/14183207-80x80.png 80w, https:\/\/dirfut.com\/wp-content\/uploads\/2000\/01\/14183207-70x70.png 70w, https:\/\/dirfut.com\/wp-content\/uploads\/2000\/01\/14183207-100x100.png 100w, https:\/\/dirfut.com\/wp-content\/uploads\/2000\/01\/14183207.png 250w\" sizes=\"auto, (max-width: 40px) 100vw, 40px\" \/><\/span><span class=\"player-name\">Juli\u00e1n \u00c1lvarez<\/span><\/a><\/td><td class=\"data-team\" data-label=\"equipo\"><span class=\"team-logo\"><img loading=\"lazy\" decoding=\"async\" width=\"128\" height=\"128\" src=\"https:\/\/dirfut.com\/wp-content\/uploads\/2022\/01\/1687-128x128.png\" class=\"attachment-sportspress-fit-icon size-sportspress-fit-icon wp-post-image\" alt=\"Atl\u00e9tico de Madrid\" title=\"Atl\u00e9tico de Madrid\" srcset=\"https:\/\/dirfut.com\/wp-content\/uploads\/2022\/01\/1687-128x128.png 128w, https:\/\/dirfut.com\/wp-content\/uploads\/2022\/01\/1687-150x150.png 150w, https:\/\/dirfut.com\/wp-content\/uploads\/2022\/01\/1687-32x32.png 32w, https:\/\/dirfut.com\/wp-content\/uploads\/2022\/01\/1687-80x80.png 80w, https:\/\/dirfut.com\/wp-content\/uploads\/2022\/01\/1687-70x70.png 70w, https:\/\/dirfut.com\/wp-content\/uploads\/2022\/01\/1687-100x100.png 100w, https:\/\/dirfut.com\/wp-content\/uploads\/2022\/01\/1687-40x40.png 40w, https:\/\/dirfut.com\/wp-content\/uploads\/2022\/01\/1687.png 200w\" sizes=\"auto, (max-width: 128px) 100vw, 128px\" \/><\/span><\/td><td class=\"data-position\" data-label=\"Posici\u00f3n\">9. Delantero<\/td><td class=\"data-dirfutrating\" data-label=\"Rating\">83<\/td><td class=\"data-dirfutvalue\" data-label=\"Value (M\u20ac)\">26<\/td><td class=\"data-year\" data-label=\"Year\">2000<\/td><td class=\"data-contracttwo\" data-label=\"Contract\">2030<\/td><\/tr><tr class=\"even\"><td class=\"data-name has-photo has-photo\" data-label=\"Jugador\"><a href=\"https:\/\/dirfut.com\/es\/player\/arnau-martinez\/\"><span class=\"player-flag\"><img decoding=\"async\" src=\"https:\/\/dirfut.com\/wp-content\/plugins\/sportspress-pro\/includes\/sportspress\/assets\/images\/flags\/esp.png\" alt=\"esp\"><\/span><span class=\"player-photo\"><img loading=\"lazy\" decoding=\"async\" width=\"40\" height=\"40\" src=\"https:\/\/dirfut.com\/wp-content\/uploads\/2003\/04\/2000062512-40x40.png\" class=\"attachment-alchemists_player-xxs size-alchemists_player-xxs wp-post-image\" alt=\"Arnau Mart\u00ednez\" srcset=\"https:\/\/dirfut.com\/wp-content\/uploads\/2003\/04\/2000062512-40x40.png 40w, https:\/\/dirfut.com\/wp-content\/uploads\/2003\/04\/2000062512-150x150.png 150w, https:\/\/dirfut.com\/wp-content\/uploads\/2003\/04\/2000062512-12x12.png 12w, https:\/\/dirfut.com\/wp-content\/uploads\/2003\/04\/2000062512-128x128.png 128w, https:\/\/dirfut.com\/wp-content\/uploads\/2003\/04\/2000062512-32x32.png 32w, https:\/\/dirfut.com\/wp-content\/uploads\/2003\/04\/2000062512-80x80.png 80w, https:\/\/dirfut.com\/wp-content\/uploads\/2003\/04\/2000062512-70x70.png 70w, https:\/\/dirfut.com\/wp-content\/uploads\/2003\/04\/2000062512-100x100.png 100w, https:\/\/dirfut.com\/wp-content\/uploads\/2003\/04\/2000062512.png 250w\" sizes=\"auto, (max-width: 40px) 100vw, 40px\" \/><\/span><span class=\"player-name\">Arnau Mart\u00ednez<\/span><\/a><\/td><td class=\"data-team\" data-label=\"equipo\"><span class=\"team-logo\"><img loading=\"lazy\" decoding=\"async\" width=\"128\" height=\"128\" src=\"https:\/\/dirfut.com\/wp-content\/uploads\/2022\/01\/814089-128x128.png\" class=\"attachment-sportspress-fit-icon size-sportspress-fit-icon wp-post-image\" alt=\"Girona CF\" title=\"Girona FC\" srcset=\"https:\/\/dirfut.com\/wp-content\/uploads\/2022\/01\/814089-128x128.png 128w, https:\/\/dirfut.com\/wp-content\/uploads\/2022\/01\/814089-150x150.png 150w, https:\/\/dirfut.com\/wp-content\/uploads\/2022\/01\/814089-32x32.png 32w, https:\/\/dirfut.com\/wp-content\/uploads\/2022\/01\/814089-80x80.png 80w, https:\/\/dirfut.com\/wp-content\/uploads\/2022\/01\/814089-70x70.png 70w, https:\/\/dirfut.com\/wp-content\/uploads\/2022\/01\/814089-100x100.png 100w, https:\/\/dirfut.com\/wp-content\/uploads\/2022\/01\/814089-40x40.png 40w, https:\/\/dirfut.com\/wp-content\/uploads\/2022\/01\/814089.png 200w\" sizes=\"auto, (max-width: 128px) 100vw, 128px\" \/><\/span><\/td><td class=\"data-position\" data-label=\"Posici\u00f3n\">2. Lateral derecho<\/td><td class=\"data-dirfutrating\" data-label=\"Rating\">79<\/td><td class=\"data-dirfutvalue\" data-label=\"Value (M\u20ac)\">30<\/td><td class=\"data-year\" data-label=\"Year\">2003<\/td><td class=\"data-contracttwo\" data-label=\"Contract\">2027<\/td><\/tr><tr class=\"odd\"><td class=\"data-name has-photo has-photo\" data-label=\"Jugador\"><a href=\"https:\/\/dirfut.com\/es\/player\/lamine-yamal\/\"><span class=\"player-flag\"><img decoding=\"async\" src=\"https:\/\/dirfut.com\/wp-content\/plugins\/sportspress-pro\/includes\/sportspress\/assets\/images\/flags\/esp.png\" alt=\"esp\"><\/span><span class=\"player-photo\"><img loading=\"lazy\" decoding=\"async\" width=\"40\" height=\"40\" src=\"https:\/\/dirfut.com\/wp-content\/uploads\/2007\/07\/Lamine-Yamal-40x40.png\" class=\"attachment-alchemists_player-xxs size-alchemists_player-xxs wp-post-image\" alt=\"\" srcset=\"https:\/\/dirfut.com\/wp-content\/uploads\/2007\/07\/Lamine-Yamal-40x40.png 40w, https:\/\/dirfut.com\/wp-content\/uploads\/2007\/07\/Lamine-Yamal-150x150.png 150w, https:\/\/dirfut.com\/wp-content\/uploads\/2007\/07\/Lamine-Yamal-11x12.png 11w, https:\/\/dirfut.com\/wp-content\/uploads\/2007\/07\/Lamine-Yamal-80x80.png 80w\" sizes=\"auto, (max-width: 40px) 100vw, 40px\" \/><\/span><span class=\"player-name\">Lamine Yamal<\/span><\/a><\/td><td class=\"data-team\" data-label=\"equipo\"><span class=\"team-logo\"><img loading=\"lazy\" decoding=\"async\" width=\"128\" height=\"128\" src=\"https:\/\/dirfut.com\/wp-content\/uploads\/2022\/01\/1708-128x128.png\" class=\"attachment-sportspress-fit-icon size-sportspress-fit-icon wp-post-image\" alt=\"\" title=\"FC Barcelona\" srcset=\"https:\/\/dirfut.com\/wp-content\/uploads\/2022\/01\/1708-128x128.png 128w, https:\/\/dirfut.com\/wp-content\/uploads\/2022\/01\/1708-150x150.png 150w, https:\/\/dirfut.com\/wp-content\/uploads\/2022\/01\/1708-32x32.png 32w, https:\/\/dirfut.com\/wp-content\/uploads\/2022\/01\/1708-80x80.png 80w, https:\/\/dirfut.com\/wp-content\/uploads\/2022\/01\/1708-70x70.png 70w, https:\/\/dirfut.com\/wp-content\/uploads\/2022\/01\/1708-100x100.png 100w, https:\/\/dirfut.com\/wp-content\/uploads\/2022\/01\/1708-40x40.png 40w, https:\/\/dirfut.com\/wp-content\/uploads\/2022\/01\/1708.png 200w\" sizes=\"auto, (max-width: 128px) 100vw, 128px\" \/><\/span><\/td><td class=\"data-position\" data-label=\"Posici\u00f3n\">8. Extremo derecho<\/td><td class=\"data-dirfutrating\" data-label=\"Rating\">79<\/td><td class=\"data-dirfutvalue\" data-label=\"Value (M\u20ac)\">30<\/td><td class=\"data-year\" data-label=\"Year\">2007<\/td><td class=\"data-contracttwo\" data-label=\"Contract\">2026<\/td><\/tr><tr class=\"even\"><td class=\"data-name has-photo has-photo\" data-label=\"Jugador\"><a href=\"https:\/\/dirfut.com\/es\/player\/abde-ezzalzouli\/\"><span class=\"player-flag\"><img decoding=\"async\" src=\"https:\/\/dirfut.com\/wp-content\/plugins\/sportspress-pro\/includes\/sportspress\/assets\/images\/flags\/esp.png\" alt=\"esp\"><\/span><span class=\"player-photo\"><img loading=\"lazy\" decoding=\"async\" width=\"40\" height=\"40\" src=\"https:\/\/dirfut.com\/wp-content\/uploads\/2001\/12\/2000054872-40x40.png\" class=\"attachment-alchemists_player-xxs size-alchemists_player-xxs wp-post-image\" alt=\"Abde Ezzalzouli\" srcset=\"https:\/\/dirfut.com\/wp-content\/uploads\/2001\/12\/2000054872-40x40.png 40w, https:\/\/dirfut.com\/wp-content\/uploads\/2001\/12\/2000054872-150x150.png 150w, https:\/\/dirfut.com\/wp-content\/uploads\/2001\/12\/2000054872-12x12.png 12w, https:\/\/dirfut.com\/wp-content\/uploads\/2001\/12\/2000054872-128x128.png 128w, https:\/\/dirfut.com\/wp-content\/uploads\/2001\/12\/2000054872-32x32.png 32w, https:\/\/dirfut.com\/wp-content\/uploads\/2001\/12\/2000054872-80x80.png 80w, https:\/\/dirfut.com\/wp-content\/uploads\/2001\/12\/2000054872-70x70.png 70w, https:\/\/dirfut.com\/wp-content\/uploads\/2001\/12\/2000054872-100x100.png 100w, https:\/\/dirfut.com\/wp-content\/uploads\/2001\/12\/2000054872.png 250w\" sizes=\"auto, (max-width: 40px) 100vw, 40px\" \/><\/span><span class=\"player-name\">Abde Ezzalzouli<\/span><\/a><\/td><td class=\"data-team\" data-label=\"equipo\"><span class=\"team-logo\"><img loading=\"lazy\" decoding=\"async\" width=\"128\" height=\"128\" src=\"https:\/\/dirfut.com\/wp-content\/uploads\/2022\/01\/1733-128x128.png\" class=\"attachment-sportspress-fit-icon size-sportspress-fit-icon wp-post-image\" alt=\"Real Betis\" title=\"Real Betis\" srcset=\"https:\/\/dirfut.com\/wp-content\/uploads\/2022\/01\/1733-128x128.png 128w, https:\/\/dirfut.com\/wp-content\/uploads\/2022\/01\/1733-150x150.png 150w, https:\/\/dirfut.com\/wp-content\/uploads\/2022\/01\/1733-32x32.png 32w, https:\/\/dirfut.com\/wp-content\/uploads\/2022\/01\/1733-80x80.png 80w, https:\/\/dirfut.com\/wp-content\/uploads\/2022\/01\/1733-70x70.png 70w, https:\/\/dirfut.com\/wp-content\/uploads\/2022\/01\/1733-100x100.png 100w, https:\/\/dirfut.com\/wp-content\/uploads\/2022\/01\/1733-40x40.png 40w, https:\/\/dirfut.com\/wp-content\/uploads\/2022\/01\/1733.png 200w\" sizes=\"auto, (max-width: 128px) 100vw, 128px\" \/><\/span><\/td><td class=\"data-position\" data-label=\"Posici\u00f3n\">8. Extremo izquierdo<\/td><td class=\"data-dirfutrating\" data-label=\"Rating\">78<\/td><td class=\"data-dirfutvalue\" data-label=\"Value (M\u20ac)\">15<\/td><td class=\"data-year\" data-label=\"Year\">2001<\/td><td class=\"data-contracttwo\" data-label=\"Contract\">2028<\/td><\/tr><tr class=\"odd\"><td class=\"data-name has-photo has-photo\" data-label=\"Jugador\"><a href=\"https:\/\/dirfut.com\/es\/player\/oihan-sancet\/\"><span class=\"player-flag\"><img decoding=\"async\" src=\"https:\/\/dirfut.com\/wp-content\/plugins\/sportspress-pro\/includes\/sportspress\/assets\/images\/flags\/esp.png\" alt=\"esp\"><\/span><span class=\"player-photo\"><img loading=\"lazy\" decoding=\"async\" width=\"40\" height=\"40\" src=\"https:\/\/dirfut.com\/wp-content\/uploads\/2000\/04\/67260204-40x40.png\" class=\"attachment-alchemists_player-xxs size-alchemists_player-xxs wp-post-image\" alt=\"Oihan Sancet\" srcset=\"https:\/\/dirfut.com\/wp-content\/uploads\/2000\/04\/67260204-40x40.png 40w, https:\/\/dirfut.com\/wp-content\/uploads\/2000\/04\/67260204-150x150.png 150w, https:\/\/dirfut.com\/wp-content\/uploads\/2000\/04\/67260204-12x12.png 12w, https:\/\/dirfut.com\/wp-content\/uploads\/2000\/04\/67260204-128x128.png 128w, https:\/\/dirfut.com\/wp-content\/uploads\/2000\/04\/67260204-32x32.png 32w, https:\/\/dirfut.com\/wp-content\/uploads\/2000\/04\/67260204-80x80.png 80w, https:\/\/dirfut.com\/wp-content\/uploads\/2000\/04\/67260204-70x70.png 70w, https:\/\/dirfut.com\/wp-content\/uploads\/2000\/04\/67260204-100x100.png 100w, https:\/\/dirfut.com\/wp-content\/uploads\/2000\/04\/67260204.png 250w\" sizes=\"auto, (max-width: 40px) 100vw, 40px\" \/><\/span><span class=\"player-name\">Oihan Sancet<\/span><\/a><\/td><td class=\"data-team\" data-label=\"equipo\"><span class=\"team-logo\"><img loading=\"lazy\" decoding=\"async\" width=\"128\" height=\"128\" src=\"https:\/\/dirfut.com\/wp-content\/uploads\/2022\/01\/1664-128x128.png\" class=\"attachment-sportspress-fit-icon size-sportspress-fit-icon wp-post-image\" alt=\"Athletic\" title=\"Athletic Club\" srcset=\"https:\/\/dirfut.com\/wp-content\/uploads\/2022\/01\/1664-128x128.png 128w, https:\/\/dirfut.com\/wp-content\/uploads\/2022\/01\/1664-150x150.png 150w, https:\/\/dirfut.com\/wp-content\/uploads\/2022\/01\/1664-32x32.png 32w, https:\/\/dirfut.com\/wp-content\/uploads\/2022\/01\/1664-80x80.png 80w, https:\/\/dirfut.com\/wp-content\/uploads\/2022\/01\/1664-70x70.png 70w, https:\/\/dirfut.com\/wp-content\/uploads\/2022\/01\/1664-100x100.png 100w, https:\/\/dirfut.com\/wp-content\/uploads\/2022\/01\/1664-40x40.png 40w, https:\/\/dirfut.com\/wp-content\/uploads\/2022\/01\/1664.png 200w\" sizes=\"auto, (max-width: 128px) 100vw, 128px\" \/><\/span><\/td><td class=\"data-position\" data-label=\"Posici\u00f3n\">7. Mediocentro ofensivo<\/td><td class=\"data-dirfutrating\" data-label=\"Rating\">78<\/td><td class=\"data-dirfutvalue\" data-label=\"Value (M\u20ac)\">20<\/td><td class=\"data-year\" data-label=\"Year\">2000<\/td><td class=\"data-contracttwo\" data-label=\"Contract\">2032<\/td><\/tr><tr class=\"even\"><td class=\"data-name has-photo has-photo\" data-label=\"Jugador\"><a href=\"https:\/\/dirfut.com\/es\/player\/endrick\/\"><span class=\"player-flag\"><img decoding=\"async\" src=\"https:\/\/dirfut.com\/wp-content\/plugins\/sportspress-pro\/includes\/sportspress\/assets\/images\/flags\/bra.png\" alt=\"bra\"><\/span><span class=\"player-photo\"><img loading=\"lazy\" decoding=\"async\" width=\"40\" height=\"40\" src=\"https:\/\/dirfut.com\/wp-content\/uploads\/2022\/12\/Endrick-40x40.png\" class=\"attachment-alchemists_player-xxs size-alchemists_player-xxs wp-post-image\" alt=\"Endrick\" srcset=\"https:\/\/dirfut.com\/wp-content\/uploads\/2022\/12\/Endrick-40x40.png 40w, https:\/\/dirfut.com\/wp-content\/uploads\/2022\/12\/Endrick-150x150.png 150w, https:\/\/dirfut.com\/wp-content\/uploads\/2022\/12\/Endrick-12x12.png 12w, https:\/\/dirfut.com\/wp-content\/uploads\/2022\/12\/Endrick-128x128.png 128w, https:\/\/dirfut.com\/wp-content\/uploads\/2022\/12\/Endrick-32x32.png 32w, https:\/\/dirfut.com\/wp-content\/uploads\/2022\/12\/Endrick-80x80.png 80w, https:\/\/dirfut.com\/wp-content\/uploads\/2022\/12\/Endrick-70x70.png 70w, https:\/\/dirfut.com\/wp-content\/uploads\/2022\/12\/Endrick-100x100.png 100w, https:\/\/dirfut.com\/wp-content\/uploads\/2022\/12\/Endrick.png 250w\" sizes=\"auto, (max-width: 40px) 100vw, 40px\" \/><\/span><span class=\"player-name\">Endrick<\/span><\/a><\/td><td class=\"data-team\" data-label=\"equipo\"><span class=\"team-logo\"><img loading=\"lazy\" decoding=\"async\" width=\"128\" height=\"128\" src=\"https:\/\/dirfut.com\/wp-content\/uploads\/2022\/01\/1736-128x128.png\" class=\"attachment-sportspress-fit-icon size-sportspress-fit-icon wp-post-image\" alt=\"Real Madrid\" title=\"Real Madrid\" srcset=\"https:\/\/dirfut.com\/wp-content\/uploads\/2022\/01\/1736-128x128.png 128w, https:\/\/dirfut.com\/wp-content\/uploads\/2022\/01\/1736-150x150.png 150w, https:\/\/dirfut.com\/wp-content\/uploads\/2022\/01\/1736-32x32.png 32w, https:\/\/dirfut.com\/wp-content\/uploads\/2022\/01\/1736-80x80.png 80w, https:\/\/dirfut.com\/wp-content\/uploads\/2022\/01\/1736-70x70.png 70w, https:\/\/dirfut.com\/wp-content\/uploads\/2022\/01\/1736-100x100.png 100w, https:\/\/dirfut.com\/wp-content\/uploads\/2022\/01\/1736-40x40.png 40w, https:\/\/dirfut.com\/wp-content\/uploads\/2022\/01\/1736.png 200w\" sizes=\"auto, (max-width: 128px) 100vw, 128px\" \/><\/span><\/td><td class=\"data-position\" data-label=\"Posici\u00f3n\">9. Delantero<\/td><td class=\"data-dirfutrating\" data-label=\"Rating\">77<\/td><td class=\"data-dirfutvalue\" data-label=\"Value (M\u20ac)\">25<\/td><td class=\"data-year\" data-label=\"Year\">2006<\/td><td class=\"data-contracttwo\" data-label=\"Contract\">2030<\/td><\/tr><tr class=\"odd\"><td class=\"data-name has-photo has-photo\" data-label=\"Jugador\"><a href=\"https:\/\/dirfut.com\/es\/player\/alex-baena\/\"><span class=\"player-flag\"><img decoding=\"async\" src=\"https:\/\/dirfut.com\/wp-content\/plugins\/sportspress-pro\/includes\/sportspress\/assets\/images\/flags\/esp.png\" alt=\"esp\"><\/span><span class=\"player-photo\"><img loading=\"lazy\" decoding=\"async\" width=\"40\" height=\"40\" src=\"https:\/\/dirfut.com\/wp-content\/uploads\/2001\/07\/67287665-40x40.png\" class=\"attachment-alchemists_player-xxs size-alchemists_player-xxs wp-post-image\" alt=\"\u00c1lex Baena\" srcset=\"https:\/\/dirfut.com\/wp-content\/uploads\/2001\/07\/67287665-40x40.png 40w, https:\/\/dirfut.com\/wp-content\/uploads\/2001\/07\/67287665-150x150.png 150w, https:\/\/dirfut.com\/wp-content\/uploads\/2001\/07\/67287665-12x12.png 12w, https:\/\/dirfut.com\/wp-content\/uploads\/2001\/07\/67287665-128x128.png 128w, https:\/\/dirfut.com\/wp-content\/uploads\/2001\/07\/67287665-32x32.png 32w, https:\/\/dirfut.com\/wp-content\/uploads\/2001\/07\/67287665-80x80.png 80w, https:\/\/dirfut.com\/wp-content\/uploads\/2001\/07\/67287665-70x70.png 70w, https:\/\/dirfut.com\/wp-content\/uploads\/2001\/07\/67287665-100x100.png 100w, https:\/\/dirfut.com\/wp-content\/uploads\/2001\/07\/67287665.png 250w\" sizes=\"auto, (max-width: 40px) 100vw, 40px\" \/><\/span><span class=\"player-name\">\u00c1lex Baena<\/span><\/a><\/td><td class=\"data-team\" data-label=\"equipo\"><span class=\"team-logo\"><img loading=\"lazy\" decoding=\"async\" width=\"128\" height=\"128\" src=\"https:\/\/dirfut.com\/wp-content\/uploads\/2022\/01\/1777-128x128.png\" class=\"attachment-sportspress-fit-icon size-sportspress-fit-icon wp-post-image\" alt=\"Villarreal CF\" title=\"Villarreal CF\" srcset=\"https:\/\/dirfut.com\/wp-content\/uploads\/2022\/01\/1777-128x128.png 128w, https:\/\/dirfut.com\/wp-content\/uploads\/2022\/01\/1777-150x150.png 150w, https:\/\/dirfut.com\/wp-content\/uploads\/2022\/01\/1777-32x32.png 32w, https:\/\/dirfut.com\/wp-content\/uploads\/2022\/01\/1777-80x80.png 80w, https:\/\/dirfut.com\/wp-content\/uploads\/2022\/01\/1777-70x70.png 70w, https:\/\/dirfut.com\/wp-content\/uploads\/2022\/01\/1777-100x100.png 100w, https:\/\/dirfut.com\/wp-content\/uploads\/2022\/01\/1777-40x40.png 40w, https:\/\/dirfut.com\/wp-content\/uploads\/2022\/01\/1777.png 200w\" sizes=\"auto, (max-width: 128px) 100vw, 128px\" \/><\/span><\/td><td class=\"data-position\" data-label=\"Posici\u00f3n\">7. Mediocentro ofensivo<\/td><td class=\"data-dirfutrating\" data-label=\"Rating\">77<\/td><td class=\"data-dirfutvalue\" data-label=\"Value (M\u20ac)\">20<\/td><td class=\"data-year\" data-label=\"Year\">2001<\/td><td class=\"data-contracttwo\" data-label=\"Contract\">2028<\/td><\/tr><tr class=\"even\"><td class=\"data-name has-photo has-photo\" data-label=\"Jugador\"><a href=\"https:\/\/dirfut.com\/es\/player\/aimar-oroz\/\"><span class=\"player-flag\"><img decoding=\"async\" src=\"https:\/\/dirfut.com\/wp-content\/plugins\/sportspress-pro\/includes\/sportspress\/assets\/images\/flags\/esp.png\" alt=\"esp\"><\/span><span class=\"player-photo\"><img loading=\"lazy\" decoding=\"async\" width=\"40\" height=\"40\" src=\"https:\/\/dirfut.com\/wp-content\/uploads\/2022\/09\/67276375-40x40.png\" class=\"attachment-alchemists_player-xxs size-alchemists_player-xxs wp-post-image\" alt=\"Aimar Oroz\" srcset=\"https:\/\/dirfut.com\/wp-content\/uploads\/2022\/09\/67276375-40x40.png 40w, https:\/\/dirfut.com\/wp-content\/uploads\/2022\/09\/67276375-150x150.png 150w, https:\/\/dirfut.com\/wp-content\/uploads\/2022\/09\/67276375-12x12.png 12w, https:\/\/dirfut.com\/wp-content\/uploads\/2022\/09\/67276375-128x128.png 128w, https:\/\/dirfut.com\/wp-content\/uploads\/2022\/09\/67276375-32x32.png 32w, https:\/\/dirfut.com\/wp-content\/uploads\/2022\/09\/67276375-80x80.png 80w, https:\/\/dirfut.com\/wp-content\/uploads\/2022\/09\/67276375-70x70.png 70w, https:\/\/dirfut.com\/wp-content\/uploads\/2022\/09\/67276375-100x100.png 100w, https:\/\/dirfut.com\/wp-content\/uploads\/2022\/09\/67276375.png 250w\" sizes=\"auto, (max-width: 40px) 100vw, 40px\" \/><\/span><span class=\"player-name\">Aimar Oroz<\/span><\/a><\/td><td class=\"data-team\" data-label=\"equipo\"><span class=\"team-logo\"><img loading=\"lazy\" decoding=\"async\" width=\"128\" height=\"128\" src=\"https:\/\/dirfut.com\/wp-content\/uploads\/2022\/01\/1685-128x128.png\" class=\"attachment-sportspress-fit-icon size-sportspress-fit-icon wp-post-image\" alt=\"CA Osasuna\" title=\"CA Osasuna\" srcset=\"https:\/\/dirfut.com\/wp-content\/uploads\/2022\/01\/1685-128x128.png 128w, https:\/\/dirfut.com\/wp-content\/uploads\/2022\/01\/1685-150x150.png 150w, https:\/\/dirfut.com\/wp-content\/uploads\/2022\/01\/1685-32x32.png 32w, https:\/\/dirfut.com\/wp-content\/uploads\/2022\/01\/1685-80x80.png 80w, https:\/\/dirfut.com\/wp-content\/uploads\/2022\/01\/1685-70x70.png 70w, https:\/\/dirfut.com\/wp-content\/uploads\/2022\/01\/1685-100x100.png 100w, https:\/\/dirfut.com\/wp-content\/uploads\/2022\/01\/1685-40x40.png 40w, https:\/\/dirfut.com\/wp-content\/uploads\/2022\/01\/1685.png 200w\" sizes=\"auto, (max-width: 128px) 100vw, 128px\" \/><\/span><\/td><td class=\"data-position\" data-label=\"Posici\u00f3n\">7. Mediocentro ofensivo<\/td><td class=\"data-dirfutrating\" data-label=\"Rating\">75<\/td><td class=\"data-dirfutvalue\" data-label=\"Value (M\u20ac)\">7.5<\/td><td class=\"data-year\" data-label=\"Year\">2001<\/td><td class=\"data-contracttwo\" data-label=\"Contract\">2029<\/td><\/tr><tr class=\"odd\"><td class=\"data-name has-photo has-photo\" data-label=\"Jugador\"><a href=\"https:\/\/dirfut.com\/es\/player\/tajon-buchanan\/\"><span class=\"player-flag\"><img decoding=\"async\" src=\"https:\/\/dirfut.com\/wp-content\/plugins\/sportspress-pro\/includes\/sportspress\/assets\/images\/flags\/can.png\" alt=\"can\"><\/span><span class=\"player-photo\"><img loading=\"lazy\" decoding=\"async\" width=\"40\" height=\"40\" src=\"https:\/\/dirfut.com\/wp-content\/uploads\/1999\/02\/72052880-40x40.png\" class=\"attachment-alchemists_player-xxs size-alchemists_player-xxs wp-post-image\" alt=\"Tajon Buchanan\" srcset=\"https:\/\/dirfut.com\/wp-content\/uploads\/1999\/02\/72052880-40x40.png 40w, https:\/\/dirfut.com\/wp-content\/uploads\/1999\/02\/72052880-150x150.png 150w, https:\/\/dirfut.com\/wp-content\/uploads\/1999\/02\/72052880-12x12.png 12w, https:\/\/dirfut.com\/wp-content\/uploads\/1999\/02\/72052880-128x128.png 128w, https:\/\/dirfut.com\/wp-content\/uploads\/1999\/02\/72052880-32x32.png 32w, https:\/\/dirfut.com\/wp-content\/uploads\/1999\/02\/72052880-80x80.png 80w, https:\/\/dirfut.com\/wp-content\/uploads\/1999\/02\/72052880-70x70.png 70w, https:\/\/dirfut.com\/wp-content\/uploads\/1999\/02\/72052880-100x100.png 100w, https:\/\/dirfut.com\/wp-content\/uploads\/1999\/02\/72052880.png 250w\" sizes=\"auto, (max-width: 40px) 100vw, 40px\" \/><\/span><span class=\"player-name\">Tajon Buchanan<\/span><\/a><\/td><td class=\"data-team\" data-label=\"equipo\"><span class=\"team-logo\"><img loading=\"lazy\" decoding=\"async\" width=\"128\" height=\"128\" src=\"https:\/\/dirfut.com\/wp-content\/uploads\/2022\/01\/1777-128x128.png\" class=\"attachment-sportspress-fit-icon size-sportspress-fit-icon wp-post-image\" alt=\"Villarreal CF\" title=\"Villarreal CF\" srcset=\"https:\/\/dirfut.com\/wp-content\/uploads\/2022\/01\/1777-128x128.png 128w, https:\/\/dirfut.com\/wp-content\/uploads\/2022\/01\/1777-150x150.png 150w, https:\/\/dirfut.com\/wp-content\/uploads\/2022\/01\/1777-32x32.png 32w, https:\/\/dirfut.com\/wp-content\/uploads\/2022\/01\/1777-80x80.png 80w, https:\/\/dirfut.com\/wp-content\/uploads\/2022\/01\/1777-70x70.png 70w, https:\/\/dirfut.com\/wp-content\/uploads\/2022\/01\/1777-100x100.png 100w, https:\/\/dirfut.com\/wp-content\/uploads\/2022\/01\/1777-40x40.png 40w, https:\/\/dirfut.com\/wp-content\/uploads\/2022\/01\/1777.png 200w\" sizes=\"auto, (max-width: 128px) 100vw, 128px\" \/><\/span><\/td><td class=\"data-position\" data-label=\"Posici\u00f3n\">8. Extremo derecho<\/td><td class=\"data-dirfutrating\" data-label=\"Rating\">74<\/td><td class=\"data-dirfutvalue\" data-label=\"Value (M\u20ac)\">15<\/td><td class=\"data-year\" data-label=\"Year\">1999<\/td><td class=\"data-contracttwo\" data-label=\"Contract\">2028<\/td><\/tr><tr class=\"even\"><td class=\"data-name has-photo has-photo\" data-label=\"Jugador\"><a href=\"https:\/\/dirfut.com\/es\/player\/arda-guler\/\"><span class=\"player-flag\"><img decoding=\"async\" src=\"https:\/\/dirfut.com\/wp-content\/plugins\/sportspress-pro\/includes\/sportspress\/assets\/images\/flags\/tur.png\" alt=\"tur\"><\/span><span class=\"player-photo\"><img loading=\"lazy\" decoding=\"async\" width=\"40\" height=\"40\" src=\"https:\/\/dirfut.com\/wp-content\/uploads\/2022\/07\/2000077193-40x40.png\" class=\"attachment-alchemists_player-xxs size-alchemists_player-xxs wp-post-image\" alt=\"Arda G\u00fcler\" srcset=\"https:\/\/dirfut.com\/wp-content\/uploads\/2022\/07\/2000077193-40x40.png 40w, https:\/\/dirfut.com\/wp-content\/uploads\/2022\/07\/2000077193-150x150.png 150w, https:\/\/dirfut.com\/wp-content\/uploads\/2022\/07\/2000077193-12x12.png 12w, https:\/\/dirfut.com\/wp-content\/uploads\/2022\/07\/2000077193-128x128.png 128w, https:\/\/dirfut.com\/wp-content\/uploads\/2022\/07\/2000077193-32x32.png 32w, https:\/\/dirfut.com\/wp-content\/uploads\/2022\/07\/2000077193-80x80.png 80w, https:\/\/dirfut.com\/wp-content\/uploads\/2022\/07\/2000077193-70x70.png 70w, https:\/\/dirfut.com\/wp-content\/uploads\/2022\/07\/2000077193-100x100.png 100w, https:\/\/dirfut.com\/wp-content\/uploads\/2022\/07\/2000077193.png 250w\" sizes=\"auto, (max-width: 40px) 100vw, 40px\" \/><\/span><span class=\"player-name\">Arda G\u00fcler<\/span><\/a><\/td><td class=\"data-team\" data-label=\"equipo\"><span class=\"team-logo\"><img loading=\"lazy\" decoding=\"async\" width=\"128\" height=\"128\" src=\"https:\/\/dirfut.com\/wp-content\/uploads\/2022\/01\/1736-128x128.png\" class=\"attachment-sportspress-fit-icon size-sportspress-fit-icon wp-post-image\" alt=\"Real Madrid\" title=\"Real Madrid\" srcset=\"https:\/\/dirfut.com\/wp-content\/uploads\/2022\/01\/1736-128x128.png 128w, https:\/\/dirfut.com\/wp-content\/uploads\/2022\/01\/1736-150x150.png 150w, https:\/\/dirfut.com\/wp-content\/uploads\/2022\/01\/1736-32x32.png 32w, https:\/\/dirfut.com\/wp-content\/uploads\/2022\/01\/1736-80x80.png 80w, https:\/\/dirfut.com\/wp-content\/uploads\/2022\/01\/1736-70x70.png 70w, https:\/\/dirfut.com\/wp-content\/uploads\/2022\/01\/1736-100x100.png 100w, https:\/\/dirfut.com\/wp-content\/uploads\/2022\/01\/1736-40x40.png 40w, https:\/\/dirfut.com\/wp-content\/uploads\/2022\/01\/1736.png 200w\" sizes=\"auto, (max-width: 128px) 100vw, 128px\" \/><\/span><\/td><td class=\"data-position\" data-label=\"Posici\u00f3n\">7. Mediocentro ofensivo<\/td><td class=\"data-dirfutrating\" data-label=\"Rating\">72<\/td><td class=\"data-dirfutvalue\" data-label=\"Value (M\u20ac)\">7<\/td><td class=\"data-year\" data-label=\"Year\">2005<\/td><td class=\"data-contracttwo\" data-label=\"Contract\">2029<\/td><\/tr><\/tbody><\/table><\/div><\/div><\/div><\/div>\n\n\t\t<\/div>\n\t<\/div>\n<\/div><\/div><\/div><\/div>","protected":false},"excerpt":{"rendered":"La Liga &#8211; Scout ReportsJugadorequipoPosici\u00f3nRatingValue (M\u20ac)YearContractJude Bellingham6. Central Midfielder8916520032029Antoine Griezmann9. Forward884019912027Aur\u00e9lien Tchouam\u00e9ni5. Defensive Midfielder878020002028Jules Kound\u00e94. Centre back877019982027Marcos Llorente7. Attacking Midfielder843519952027Axel Witsel5. Defensive Midfielder835.519892025Juli\u00e1n \u00c1lvarez9. Forward832620002030Arnau Mart\u00ednez2. Right back793020032027Lamine Yamal8. Right Winger793020072026Abde Ezzalzouli8. Left Winger781520012028Oihan Sancet7. Attacking Midfielder782020002032Endrick9. Forward772520062030\u00c1lex Baena7. Attacking Midfielder772020012028Aimar Oroz7. Attacking Midfielder757.520012029Tajon Buchanan8. Right Winger741519992028Arda G\u00fcler7. Attacking Midfielder72720052029","protected":false},"author":1,"featured_media":0,"parent":0,"menu_order":1,"comment_status":"closed","ping_status":"closed","template":"template-full-width.php","meta":{"_relevanssi_hide_post":"","_relevanssi_hide_content":"","_relevanssi_pin_for_all":"","_relevanssi_pin_keywords":"","_relevanssi_unpin_keywords":"","_relevanssi_related_keywords":"","_relevanssi_related_include_ids":"","_relevanssi_related_exclude_ids":"","_relevanssi_related_no_append":"","_relevanssi_related_not_related":"","_relevanssi_related_posts":"","_relevanssi_noindex_reason":"","footnotes":""},"class_list":["post-6859","page","type-page","status-publish","hentry"],"aioseo_notices":[],"_links":{"self":[{"href":"https:\/\/dirfut.com\/es\/wp-json\/wp\/v2\/pages\/6859","targetHints":{"allow":["GET"]}}],"collection":[{"href":"https:\/\/dirfut.com\/es\/wp-json\/wp\/v2\/pages"}],"about":[{"href":"https:\/\/dirfut.com\/es\/wp-json\/wp\/v2\/types\/page"}],"author":[{"embeddable":true,"href":"https:\/\/dirfut.com\/es\/wp-json\/wp\/v2\/users\/1"}],"replies":[{"embeddable":true,"href":"https:\/\/dirfut.com\/es\/wp-json\/wp\/v2\/comments?post=6859"}],"version-history":[{"count":2,"href":"https:\/\/dirfut.com\/es\/wp-json\/wp\/v2\/pages\/6859\/revisions"}],"predecessor-version":[{"id":19528,"href":"https:\/\/dirfut.com\/es\/wp-json\/wp\/v2\/pages\/6859\/revisions\/19528"}],"wp:attachment":[{"href":"https:\/\/dirfut.com\/es\/wp-json\/wp\/v2\/media?parent=6859"}],"curies":[{"name":"wp","href":"https:\/\/api.w.org\/{rel}","templated":true}]}}